{"id":188,"date":"2023-03-03T19:11:04","date_gmt":"2023-03-03T19:11:04","guid":{"rendered":"https:\/\/www.nekaderio.eus\/?page_id=188"},"modified":"2026-04-27T10:28:47","modified_gmt":"2026-04-27T08:28:47","slug":"preguntas-frecuentes-faq","status":"publish","type":"page","link":"https:\/\/www.nekaderio.eus\/es\/alumnado-y-familia\/preguntas-frecuentes-faq\/","title":{"rendered":"Preguntas frecuentes (FAQ)"},"content":{"rendered":"<div id=\"accordionExample\" class=\"accordion\">\n<div class=\"accordion-item\">\n<h2 id=\"headingOne\" class=\"accordion-header\"><button class=\"accordion-button collapsed\" type=\"button\" data-bs-toggle=\"collapse\" data-bs-target=\"#collapseOne\" aria-expanded=\"false\" aria-controls=\"collapseOne\"><br \/>\nPre-inscripci\u00f3n<\/button><\/h2>\n<div id=\"collapseOne\" class=\"accordion-collapse collapse\" aria-labelledby=\"headingOne\" data-bs-parent=\"#accordionExample\">\n<div class=\"accordion-body\">\n<p><strong>\u00bfCuantos ciclos puedo elegir en la prematr\u00edcula?<\/strong><\/p>\n<p>Las que quieras. De hecho se recomienda poner varias opciones, ordenadas por orden de preferencia. S\u00d3LO HAY QUE HACER LA PREMATR\u00cdCULA EN EL CENTRO QUE SEA TU PRIMERA OPCI\u00d3N, y en dicha prematr\u00edcula marcar tu 2\u00aa, 3\u00aa y sucesivas opciones. NO PUEDES PRESENTAR PREMATR\u00cdCULA EN M\u00c1S DE UN CENTRO. Tambi\u00e9n puedes poner el mismo ciclo pero impartido en distintos centros incluso de otra provincia de la CAV. <a href=\"https:\/\/www.euskadi.eus\/informacion\/oferta-formativa-de-fp-en-la-capv\/web01-a2hlanhz\/es\/\">Consulta aqu\u00ed<\/a> la oferta formativa para orientarte.<\/p>\n<p><strong>\u00bfSi el mismo ciclo se oferta en distintos modelos ling\u00fc\u00edsticos; distintos turnos\u2026 \u00bfpuedo elegir todos?<\/strong><\/p>\n<p>Si el ciclo tiene varias opciones ling\u00fc\u00edsticas, te recomendamos poner todas las que puedas por orden de preferencia. De esta manera tienes m\u00e1s opciones de entrar en el ciclo deseado.<\/p>\n<p><strong>\u00bfCuantas plazas hay en cada ciclo?<\/strong><\/p>\n<p>Por defecto se ofrecen 25 plazas, que pueden reducirse en caso de que haya repetidores (el n\u00famero de grupos por ciclo puede variar de un a\u00f1o a otro).<\/p>\n<p><strong>\u00bfQu\u00e9 quiere decir que hay cupos de admisi\u00f3n?<\/strong><\/p>\n<p>Quiere decir que las plazas se reparten entre varios cupos de candidatos, en funci\u00f3n de su v\u00eda de acceso de la siguiente forma. Estos cupos vienen regulados en la <a href=\"https:\/\/www.euskadi.eus\/web01-bopv\/es\/bopv2\/datos\/2026\/04\/2601717a.pdf\">orden de admisi\u00f3n<\/a> de cada curso escolar.<\/p>\n<p><strong>\u00bfSe puede elegir varias v\u00edas de acceso, por ejemplo acceder a un ciclo superior por el bachillerato y por un ciclo medio? \u00bfC\u00f3mo s\u00e9 qu\u00e9 v\u00eda de acceso es m\u00e1s favorable para m\u00ed?<\/strong><\/p>\n<p>No. S\u00f3lo se puede elegir una v\u00eda de acceso. Es dif\u00edcil de saber por cu\u00e1l tendr\u00e1s m\u00e1s posibilidades porque no se sabe cu\u00e1nta gente va a acceder por cada v\u00eda, cu\u00e1nta \u201ccompetencia\u201d tendr\u00e1s en cada grupo.<\/p>\n<p><strong>Si no me admiten en mi primera opci\u00f3n \u00bftengo posibilidad de entrar en alguna de las otras opciones que he solicitado?<\/strong><\/p>\n<p>S\u00ed. Por eso se recomienda poner m\u00e1s de una opci\u00f3n. El programa ordena a los alumnos por nota media dentro de cada cupo, en orden de tus preferencias. Si no entras en tu 1\u00aa opci\u00f3n, te barema para la segunda, si tampoco entras te barema para la 3\u00aa y as\u00ed con todas tus opciones.<\/p>\n<p><strong>\u00bfPuedo modificar mi prematr\u00edcula?<\/strong><\/p>\n<p>S\u00ed. Pero s\u00f3lo hasta el 22 de mayo.<\/p>\n<p><strong>\u00bfPuedo enviar a otra persona para que haga la prematr\u00edcula por m\u00ed?<\/strong><\/p>\n<p>S\u00ed, siempre que traiga una <a href=\"https:\/\/www.nekaderio.eus\/wp-content\/uploads\/2025\/06\/F16P0201_autorizacion_baimena.pdf\">autorizaci\u00f3n firmada<\/a> por ti y toda la documentaci\u00f3n requerida. Tambi\u00e9n puedes realizar la prematr\u00edcula online: <a href=\"https:\/\/ikasgunea.euskadi.eus\/eu\/\">www.ikasgunea.com<\/a><\/p>\n<p><strong>Soy menor de edad \u00bfpuedo hacer yo la prematr\u00edcula?<\/strong><\/p>\n<p>No. Tiene que hacerla tu madre, padre o tutor. Pueden hacerte una <a href=\"https:\/\/www.nekaderio.eus\/wp-content\/uploads\/2025\/06\/F16P0201_autorizacion_baimena.pdf\">autorizaci\u00f3n firmada por ellos<\/a> y con su fotocopia del DNI para que puedas realizarla t\u00fa.<\/p>\n<p><strong>\u00bfQu\u00e9 pasa si cuando hago la prematr\u00edcula no he acabado los ex\u00e1menes o no tengo a\u00fan el expediente acad\u00e9mico?<\/strong><\/p>\n<p>Tienes que hacer la prematr\u00edcula en fechas, pero luego tienes de plazo hasta el 30 de junio (si has realizado la prematricula presencial u online). Hasta el 19 de junio los que han realizado la prematr\u00edcula por otras v\u00edas.<\/p>\n<p><strong>\u00bfD\u00f3nde puedo ver las listas de admitidos?<\/strong><\/p>\n<p>En el centro en el que te has inscrito. Tambi\u00e9n podr\u00e1s ver en qu\u00e9 centro te han admitido d\u00e1ndote de alta en <a href=\"https:\/\/ikasgunea.euskadi.eus\/eu\/\">ikasgunea.eus<\/a>. De hecho es obligatorio que te registres en esta aplicaci\u00f3n si no est\u00e1s registrado.<\/p>\n<p><strong>Ha salido la lista provisional y estoy admitido \u00bfpuedo matricularme?<\/strong><\/p>\n<p>NO. IMPORTANTE que vuelvas a mirar en la lista definitiva.<\/p>\n<p><strong>\u00bfQu\u00e9 significa que hay varias fases de matr\u00edcula?<\/strong><\/p>\n<p>Las listas definitivas de admitidos se publicar\u00e1n en tres fases. En cada fase se indicar\u00e1 cu\u00e1l es tu situaci\u00f3n. Si no has sido admitido en la primera fase, puedes serlo en la segunda o la tercera.<\/p>\n<ul>\n<li>En la fase I y en la fase II solamente se matricular\u00e1n las personas que han obtenido plaza en su primera opci\u00f3n. Tendr\u00e1n que acudir al centro a hacer la matr\u00edcula en las fechas correspondientes a cada fase. <strong>En caso de no hacer la matricula, perder\u00e1n su plaza<\/strong>.<\/li>\n<li>En la fase III, se te indicar\u00e1 en qu\u00e9 centro has sido admitido de todas las opciones que pusiste. Se te indicar\u00e1 tambi\u00e9n la fecha en la que debes realizar la matr\u00edcula en dicho centro, y en caso de no hacerlo perder\u00e1s tu plaza.<\/li>\n<li>En el per\u00edodo extraordinario, si sobran plazas, podr\u00e1n matricularse todas las personas que cumplan los requisitos.<\/li>\n<\/ul>\n<p><strong>Ha salido la lista definitiva y estoy admitido \u00bfpuedo matricularme?<\/strong><\/p>\n<p>Debes matricularte en la fecha correspondiente o perder\u00e1s la plaza. Comprueba en qu\u00e9 centro est\u00e1s admitido e inf\u00f3rmate de la documentaci\u00f3n necesaria para la matr\u00edcula. En caso de no hacer la matr\u00edcula en el ciclo que est\u00e1s admitido en el plazo indicado, pierdes tu plaza.<\/p>\n<p><strong>Me han cogido en mi 1\u00aa opci\u00f3n pero me interesa mas la 2\u00aa.<\/strong><\/p>\n<p>No. S\u00f3lo podr\u00edas en el periodo extraordinario si sobran plazas.<\/p>\n<p><strong>No he sido admitido en ninguna opci\u00f3n \u00bfqu\u00e9 puedo hacer?<\/strong><\/p>\n<p>Llama a centros en los que te pueda interesar alguno de sus ciclos y pregunta si tienen plazas libres.<\/p>\n<p><strong>\u00bfHay lista de espera?<\/strong><\/p>\n<p>Para optar a plazas que no se hayan cubierto en periodo ordinario de matriculaci\u00f3n, as\u00ed como para cubrir posibles bajas de personas matriculadas en nuestro centro se generar\u00e1 una lista con las personas que soliciten plaza a partir del 23 de julio.<br \/>\nNOTA: Si has participado en el proceso y no has conseguido plaza tienes que volver a solicitarla para que se te incluya en este listado.<\/p>\n<p><strong>Se me ha pasado el plazo de prematr\u00edcula \u00bfqu\u00e9 puedo hacer?<\/strong><\/p>\n<p>Para optar a plazas que no se hayan cubierto en periodo ordinario de matriculaci\u00f3n, as\u00ed como para cubrir posibles bajas de personas matriculadas en nuestro centro se generar\u00e1 una lista con las personas que soliciten plaza a partir del 23 de julio.<\/p>\n<p><strong>\u00bfCual es la nota de corte?<\/strong><\/p>\n<p>En el acceso a la FP la nota de corte no es relevante, puesto que las plazas ofertadas se dividen en diferentes cupos en funci\u00f3n de la v\u00eda de a acceso elegida y cada una tendr\u00e1 una nota de corte diferente, que varia de un a\u00f1o a otro.<\/p>\n<\/div>\n<\/div>\n<\/div>\n<div class=\"accordion-item\">\n<h2 id=\"headingTwo\" class=\"accordion-header\"><button class=\"accordion-button collapsed\" type=\"button\" data-bs-toggle=\"collapse\" data-bs-target=\"#collapseTwo\" aria-expanded=\"false\" aria-controls=\"collapseTwo\"><br \/>\nMatr\u00edcula de 1\u00ba Curso<br \/>\n<\/button><\/h2>\n<div id=\"collapseTwo\" class=\"accordion-collapse collapse\" aria-labelledby=\"headingTwo\" data-bs-parent=\"#accordionExample\">\n<div class=\"accordion-body\">\n<p><strong>Se me ha pasado el plazo de la matr\u00edcula \u00bfqu\u00e9 puedo hacer?<\/strong><\/p>\n<p>Si no acudes a la matr\u00edcula en el plazo que te corresponde se considera que renuncias a la plaza y la pierdes. En todo caso podr\u00edas esperar al periodo extraordinario. El d\u00eda 23 de julio se elaborar\u00e1 una lista con las personas que lo soliciten a partir de este d\u00eda.<\/p>\n<p><strong>\u00bfQu\u00e9 documentos necesito?<\/strong><\/p>\n<p>Ver apartado documentaci\u00f3n necesaria para matr\u00edcula <a href=\"https:\/\/www.nekaderio.eus\/es\/secretaria\/matricula\/\">aqu\u00ed<\/a>.<\/p>\n<p><strong>Soy menor de edad, \u00bfpuedo hacer yo la matr\u00edcula?<\/strong><\/p>\n<p>No. Tienen que hacerla tus padres o tutores. Puedes hacerla t\u00fa con esta <a href=\"https:\/\/www.nekaderio.eus\/wp-content\/uploads\/2025\/06\/F16P0201_autorizacion_baimena.pdf\">autorizaci\u00f3n firmada<\/a> adjuntando fotocopia de su DNI.<\/p>\n<p><strong>\u00bfPuede hacer otra persona la matr\u00edcula por m\u00ed?<\/strong><\/p>\n<p>S\u00ed, siempre que la persona traiga <a href=\"https:\/\/www.nekaderio.eus\/wp-content\/uploads\/2025\/06\/F16P0201_autorizacion_baimena.pdf\">esta autorizaci\u00f3n<\/a> por escrito y toda la documentaci\u00f3n requerida.<\/p>\n<p><strong>\u00bfD\u00f3nde puedo hacer la matr\u00edcula?<\/strong><\/p>\n<p>En la secretar\u00eda del centro u online (<a href=\"https:\/\/ikasgunea.euskadi.eus\/es\/inicio\">Ikasgunea<\/a>) en caso de ser admitido en fase I y II. En \u00e1mbos casos tienes que aportar la documentaci\u00f3n ANTES del 24 de julio.<\/p>\n<p><strong>Me he matriculado pero no me interesa \u00bfme puedo dar de baja?<\/strong><\/p>\n<p>S\u00ed. Tendr\u00e1s que solicitarlo por escrito (presencial o mail) y pasarte a recoger la documentaci\u00f3n que has dejado.<\/p>\n<p><strong>\u00bfCu\u00e1ndo y c\u00f3mo puedo solicitar la convalidaci\u00f3n de alg\u00fan m\u00f3dulos?<\/strong><\/p>\n<p>Tienes que solicitarla en la secretar\u00eda del centro en el periodo se\u00f1alado cada a\u00f1o (normalmente a principios de curso). S\u00f3lo puedes pedir la convalidaci\u00f3n para los m\u00f3dulos de 1er curso ya que son en los que est\u00e1s matriculado. Los de 2\u00ba curso se solicitar\u00e1n en 2\u00ba curso. Tienes que aportar la documentaci\u00f3n necesaria que acredite que puedes convalidar el m\u00f3dulo (expediente acad\u00e9mico, certificado First\u2026) Hasta que no te den la respuesta afirmativa de tu convalidaci\u00f3n tienes que seguir yendo a clase.<\/p>\n<p><strong>He realizado la solicitud de convalidaci\u00f3n de un m\u00f3dulo \u00bfTengo que ir a clase?<\/strong><\/p>\n<p>S\u00ed. Tienes que ir hasta que te comuniquen oficialmente que te han concedido la convalidaci\u00f3n.<\/p>\n<p><strong>Soy mayor de 45 a\u00f1os \u00bfpuedo solicitar la exenci\u00f3n de ingl\u00e9s?<\/strong><\/p>\n<p>Actualmente no.<\/p>\n<p><strong>Hay que realizar alg\u00fan pago con la matr\u00edcula?<\/strong><\/p>\n<p>Somos un centro p\u00fablico del Departamento de Educaci\u00f3n y por lo tanto la matr\u00edcula no tiene ning\u00fan coste ni se cobran mensualidades.<\/p>\n<p>En el momento de hacer la matr\u00edcula se aportar\u00e1 un n\u00famero de cuenta para posibilitar el cobro de una aportaci\u00f3n correspondiente a gastos de actividades diversas durante el curso. Este importe es anual, se comunicar\u00e1 en el momento de la matr\u00edcula y se cobrar\u00e1 en octubre.<\/p>\n<p>Por otro lado, el material para las sesiones pr\u00e1cticas (ropa, botas, guantes&#8230;) correr\u00e1 a cuenta del alumnado. Este listado lo puedes ver en la p\u00e1gina 4 de <a href=\"https:\/\/www.nekaderio.eus\/wp-content\/uploads\/2023\/07\/Guia_alumnado_C-Formativos_cast.pdf\">la gu\u00eda del alumnado<\/a>.<\/p>\n<\/div>\n<\/div>\n<\/div>\n<div class=\"accordion-item\">\n<h2 id=\"headingThree\" class=\"accordion-header\"><button class=\"accordion-button collapsed\" type=\"button\" data-bs-toggle=\"collapse\" data-bs-target=\"#collapseThree\" aria-expanded=\"false\" aria-controls=\"collapseThree\"><br \/>\nMatr\u00edcula de 2\u00ba Curso<br \/>\n<\/button><\/h2>\n<div id=\"collapseThree\" class=\"accordion-collapse collapse\" aria-labelledby=\"headingThree\" data-bs-parent=\"#accordionExample\">\n<div class=\"accordion-body\">\n<p><strong>\u00bfCuando puedo hacer la matr\u00edcula?<\/strong><\/p>\n<p>En la secretar\u00eda del centro en el periodo establecido. (9 de junio al 27 de junio).<\/p>\n<p><strong>\u00bfQu\u00e9 documentos necesito?<\/strong><\/p>\n<p>Fotocopia del DNI. Es necesario que sepas qu\u00e9 m\u00f3dulos tienes aprobados \/ suspendidos para poder hacerla<\/p>\n<p><strong>Se me ha pasado el plazo de la matr\u00edcula \u00bfqu\u00e9 puedo hacer?<\/strong><\/p>\n<p>Llama al centro a la mayor brevedad para saber si todav\u00eda est\u00e1s a tiempo.<\/p>\n<p><strong>Soy menor de edad \u00bfpuedo hacer yo la matr\u00edcula?<\/strong><\/p>\n<p>No. Tienen que hacerla tus padres o tutores. Puedes hacerla t\u00fa con <a href=\"https:\/\/www.nekaderio.eus\/wp-content\/uploads\/2025\/06\/F16P0201_autorizacion_baimena.pdf\">esta autorizaci\u00f3n firmada<\/a> adjuntando fotocopia de su DNI.<\/p>\n<p><strong>\u00bfPuede hacer otra persona la matr\u00edcula por m\u00ed?<\/strong><\/p>\n<p>S\u00ed, siempre que la persona traiga <a href=\"https:\/\/www.nekaderio.eus\/wp-content\/uploads\/2025\/06\/F16P0201_autorizacion_baimena.pdf\">esta autorizaci\u00f3n por escrito<\/a> y toda la documentaci\u00f3n requerida.<\/p>\n<p><strong>\u00bfCuando y c\u00f3mo puedo solicitar la convalidaci\u00f3n de alg\u00fan m\u00f3dulo?<\/strong><\/p>\n<p>Tienes que solicitarla en la secretar\u00eda del centro en el periodo se\u00f1alado cada a\u00f1o (normalmente a principios de curso). Los de 2\u00ba curso se solicitar\u00e1n en 2\u00ba curso. Tienes que aportar la documentaci\u00f3n necesaria que acredite que puedes convalidar el m\u00f3dulo (expediente acad\u00e9mico, certificado First\u2026) Hasta que no te den la respuesta afirmativa de tu convalidaci\u00f3n tienes que seguir yendo a clase.<\/p>\n<p><strong>He realizado la solicitud de convalidaci\u00f3n de un m\u00f3dulo \u00bfTengo que ir a clase?<\/strong><\/p>\n<p>S\u00ed. Tienes que ir hasta que te comuniquen oficialmente que te han concedido la convalidaci\u00f3n.<\/p>\n<p><strong>Soy mayor de 45 a\u00f1os \u00bfpuedo solicitar la exenci\u00f3n de ingl\u00e9s?<\/strong><\/p>\n<p>S\u00ed puedes.<\/p>\n<p><strong>He aprobado todos los m\u00f3dulos excepto FCT. \u00bfTengo que matricularme para poder cursarlo?<\/strong><\/p>\n<p>S\u00ed, es un m\u00f3dulo m\u00e1s y adem\u00e1s tendr\u00e1s que matricularte del m\u00f3dulo de Proyecto en su caso.<\/p>\n<\/div>\n<\/div>\n<\/div>\n<\/div>\n","protected":false},"excerpt":{"rendered":"<p>Pre-inscripci\u00f3n \u00bfCuantos ciclos puedo elegir en la prematr\u00edcula? Las que quieras. De hecho se recomienda poner varias opciones, ordenadas por orden de preferencia. S\u00d3LO HAY QUE HACER LA PREMATR\u00cdCULA EN EL CENTRO QUE SEA TU PRIMERA OPCI\u00d3N, y en dicha prematr\u00edcula marcar tu 2\u00aa, 3\u00aa y sucesivas opciones. NO PUEDES PRESENTAR PREMATR\u00cdCULA EN M\u00c1S DE [&hellip;]<\/p>\n","protected":false},"author":1,"featured_media":0,"parent":178,"menu_order":0,"comment_status":"closed","ping_status":"closed","template":"banner-mas-texto.php","meta":{"_acf_changed":false,"footnotes":""},"class_list":["post-188","page","type-page","status-publish","hentry"],"acf":[],"_links":{"self":[{"href":"https:\/\/www.nekaderio.eus\/es\/wp-json\/wp\/v2\/pages\/188","targetHints":{"allow":["GET"]}}],"collection":[{"href":"https:\/\/www.nekaderio.eus\/es\/wp-json\/wp\/v2\/pages"}],"about":[{"href":"https:\/\/www.nekaderio.eus\/es\/wp-json\/wp\/v2\/types\/page"}],"author":[{"embeddable":true,"href":"https:\/\/www.nekaderio.eus\/es\/wp-json\/wp\/v2\/users\/1"}],"replies":[{"embeddable":true,"href":"https:\/\/www.nekaderio.eus\/es\/wp-json\/wp\/v2\/comments?post=188"}],"version-history":[{"count":56,"href":"https:\/\/www.nekaderio.eus\/es\/wp-json\/wp\/v2\/pages\/188\/revisions"}],"predecessor-version":[{"id":17518,"href":"https:\/\/www.nekaderio.eus\/es\/wp-json\/wp\/v2\/pages\/188\/revisions\/17518"}],"up":[{"embeddable":true,"href":"https:\/\/www.nekaderio.eus\/es\/wp-json\/wp\/v2\/pages\/178"}],"wp:attachment":[{"href":"https:\/\/www.nekaderio.eus\/es\/wp-json\/wp\/v2\/media?parent=188"}],"curies":[{"name":"wp","href":"https:\/\/api.w.org\/{rel}","templated":true}]}}