{"id":148,"date":"2023-03-03T19:05:24","date_gmt":"2023-03-03T19:05:24","guid":{"rendered":"https:\/\/www.nekaderio.eus\/?page_id=148"},"modified":"2023-03-24T09:49:44","modified_gmt":"2023-03-24T09:49:44","slug":"fp-dual","status":"publish","type":"page","link":"https:\/\/www.nekaderio.eus\/es\/formacion\/fp-dual\/","title":{"rendered":"FP Dual"},"content":{"rendered":"<p>La Formaci\u00f3n Profesional Dual combina los <strong>procesos de aprendizaje en la empresa y en el centro<\/strong> mediante la coparticipaci\u00f3n de centros de formaci\u00f3n y empresas.<\/p>\n<p>La formaci\u00f3n realizada por el alumnado en la empresa debe estar estrechamente relacionada con el perfil profesional del ciclo formativo y con las especializaciones programadas, de modo que, adem\u00e1s de la obtenci\u00f3n del resultado productivo, esas realizaciones en la empresa posibiliten el aprendizaje y, en definitiva, la adquisici\u00f3n de las competencias para el trabajo, las de la propia especializaci\u00f3n y otras competencias transversales \u00fatiles para la mejora de la empleabilidad.<\/p>\n<h3 class=\"pt-3\">Objetivos de la FP Dual<\/h3>\n<p>La FP Dual posibilita la obtenci\u00f3n de un t\u00edtulo de Formaci\u00f3n Profesional a trav\u00e9s de un proceso de aprendizaje, que se desarrolla de forma compartida entre el centro de formaci\u00f3n y la empresa.<\/p>\n<p>&nbsp;<\/p>\n<p><a class=\"btn btn-dark btn-lg\" href=\"https:\/\/www.fpeuskadidual.eus\" target=\"_blank\" rel=\"noopener\"><i class=\"fa-solid fa-link\"><\/i> M\u00e1s informaci\u00f3n &#8211; FP Dual<\/a><\/p>\n","protected":false},"excerpt":{"rendered":"<p>La Formaci\u00f3n Profesional Dual combina los procesos de aprendizaje en la empresa y en el centro mediante la coparticipaci\u00f3n de centros de formaci\u00f3n y empresas. La formaci\u00f3n realizada por el alumnado en la empresa debe estar estrechamente relacionada con el perfil profesional del ciclo formativo y con las especializaciones programadas, de modo que, adem\u00e1s de [&hellip;]<\/p>\n","protected":false},"author":1,"featured_media":0,"parent":75,"menu_order":0,"comment_status":"closed","ping_status":"closed","template":"banner-mas-texto.php","meta":{"_acf_changed":false,"footnotes":""},"class_list":["post-148","page","type-page","status-publish","hentry"],"acf":[],"_links":{"self":[{"href":"https:\/\/www.nekaderio.eus\/es\/wp-json\/wp\/v2\/pages\/148","targetHints":{"allow":["GET"]}}],"collection":[{"href":"https:\/\/www.nekaderio.eus\/es\/wp-json\/wp\/v2\/pages"}],"about":[{"href":"https:\/\/www.nekaderio.eus\/es\/wp-json\/wp\/v2\/types\/page"}],"author":[{"embeddable":true,"href":"https:\/\/www.nekaderio.eus\/es\/wp-json\/wp\/v2\/users\/1"}],"replies":[{"embeddable":true,"href":"https:\/\/www.nekaderio.eus\/es\/wp-json\/wp\/v2\/comments?post=148"}],"version-history":[{"count":8,"href":"https:\/\/www.nekaderio.eus\/es\/wp-json\/wp\/v2\/pages\/148\/revisions"}],"predecessor-version":[{"id":632,"href":"https:\/\/www.nekaderio.eus\/es\/wp-json\/wp\/v2\/pages\/148\/revisions\/632"}],"up":[{"embeddable":true,"href":"https:\/\/www.nekaderio.eus\/es\/wp-json\/wp\/v2\/pages\/75"}],"wp:attachment":[{"href":"https:\/\/www.nekaderio.eus\/es\/wp-json\/wp\/v2\/media?parent=148"}],"curies":[{"name":"wp","href":"https:\/\/api.w.org\/{rel}","templated":true}]}}